{"version":"1.0","provider_name":"JMJ 2023 LISBONNE : PARS AVEC LE MORBIHAN","provider_url":"https:\/\/jmj2023-morbihan.fr","author_name":"\u00c9quipe com' JMJ Morbihan","author_url":"https:\/\/jmj2023-morbihan.fr\/index.php\/author\/isabelle-claquin\/","title":"Retransmission des moments forts sur KTO - JMJ 2023 LISBONNE : PARS AVEC LE MORBIHAN","type":"rich","width":600,"height":338,"html":"<blockquote class=\"wp-embedded-content\" data-secret=\"qHUpSVJ4KP\"><a href=\"https:\/\/jmj2023-morbihan.fr\/index.php\/2023\/07\/24\/retransmission-des-moments-forts-sur-kto\/\">Retransmission des moments forts sur KTO<\/a><\/blockquote><iframe sandbox=\"allow-scripts\" security=\"restricted\" src=\"https:\/\/jmj2023-morbihan.fr\/index.php\/2023\/07\/24\/retransmission-des-moments-forts-sur-kto\/embed\/#?secret=qHUpSVJ4KP\" width=\"600\" height=\"338\" title=\"\u00ab\u00a0Retransmission des moments forts sur KTO\u00a0\u00bb &#8212; JMJ 2023 LISBONNE : PARS AVEC LE MORBIHAN\" data-secret=\"qHUpSVJ4KP\" frameborder=\"0\" marginwidth=\"0\" marginheight=\"0\" scrolling=\"no\" class=\"wp-embedded-content\"><\/iframe><script>\n\/*! This file is auto-generated *\/\n!function(d,l){\"use strict\";l.querySelector&&d.addEventListener&&\"undefined\"!=typeof URL&&(d.wp=d.wp||{},d.wp.receiveEmbedMessage||(d.wp.receiveEmbedMessage=function(e){var t=e.data;if((t||t.secret||t.message||t.value)&&!\/[^a-zA-Z0-9]\/.test(t.secret)){for(var s,r,n,a=l.querySelectorAll('iframe[data-secret=\"'+t.secret+'\"]'),o=l.querySelectorAll('blockquote[data-secret=\"'+t.secret+'\"]'),c=new RegExp(\"^https?:$\",\"i\"),i=0;i<o.length;i++)o[i].style.display=\"none\";for(i=0;i<a.length;i++)s=a[i],e.source===s.contentWindow&&(s.removeAttribute(\"style\"),\"height\"===t.message?(1e3<(r=parseInt(t.value,10))?r=1e3:~~r<200&&(r=200),s.height=r):\"link\"===t.message&&(r=new URL(s.getAttribute(\"src\")),n=new URL(t.value),c.test(n.protocol))&&n.host===r.host&&l.activeElement===s&&(d.top.location.href=t.value))}},d.addEventListener(\"message\",d.wp.receiveEmbedMessage,!1),l.addEventListener(\"DOMContentLoaded\",function(){for(var e,t,s=l.querySelectorAll(\"iframe.wp-embedded-content\"),r=0;r<s.length;r++)(t=(e=s[r]).getAttribute(\"data-secret\"))||(t=Math.random().toString(36).substring(2,12),e.src+=\"#?secret=\"+t,e.setAttribute(\"data-secret\",t)),e.contentWindow.postMessage({message:\"ready\",secret:t},\"*\")},!1)))}(window,document);\n\/\/# sourceURL=https:\/\/jmj2023-morbihan.fr\/wp-includes\/js\/wp-embed.min.js\n<\/script>\n","thumbnail_url":"https:\/\/jmj2023-morbihan.fr\/wp-content\/uploads\/2023\/07\/Affiche-JMJ-KTO-A3-2023-07-18-scaled.jpg","thumbnail_width":1828,"thumbnail_height":2560,"description":"KTO, partenaire officiel des 37\u00e8me Journ\u00e9es Mondiales de la Jeunesse, permettra de vivre en direct les grandes c\u00e9l\u00e9brations et les directs du Pape, et propose des rendez-vous quotidiens du 31 juillet au 6 ao\u00fbt. Pour ce faire, une quinzaine de journalistes et techniciens de l\u2019audiovisuel sont d\u00e9p\u00each\u00e9s sur place afin de proposer des \u00e9missions d\u00e9di\u00e9es, &hellip;  Lire la suite\u00a0\u00bb"}