{"id":58,"date":"2022-11-15T10:02:01","date_gmt":"2022-11-15T09:02:01","guid":{"rendered":"http:\/\/jmj2023-morbihan.fr\/?page_id=58"},"modified":"2023-07-13T16:58:21","modified_gmt":"2023-07-13T14:58:21","slug":"participation","status":"publish","type":"page","link":"https:\/\/jmj2023-morbihan.fr\/index.php\/participation\/","title":{"rendered":"INFOS PRATIQUES"},"content":{"rendered":"\n<h2 class=\"wp-block-heading\">\u2022 POUR LES MINEURS<\/h2>\n\n\n\n<p>Les JMJ2023 au Portugal se d\u00e9rouleront en 2 \u00e9tapes :<\/p>\n\n\n\n<ul class=\"wp-block-list\">\n<li>une semaine dans le dioc\u00e8se d\u2019accueil (Coimbra) du 25 au 31 juillet 2023.<\/li>\n\n\n\n<li>la semaine suivante \u00e0 Lisbonne, avec le pape et tous les autres jeunes du monde entier du 1er au 7 ao\u00fbt 2023.<\/li>\n<\/ul>\n\n\n\n<p class=\"has-text-align-center has-ast-global-color-2-background-color has-background has-medium-font-size\"><strong>Nous vous donnons rendez-vous pour le d\u00e9part le mardi 25 juillet \u00e0 19h :<\/strong><br><strong><a href=\"https:\/\/www.google.com\/maps\/place\/L'%C3%89chonova\/@47.6753238,-2.7569413,15.5z\/data=!4m6!3m5!1s0x48101e5e5bedabe5:0x44f1e791421e5637!8m2!3d47.6745352!4d-2.7438859!16s%2Fg%2F11b6j9chpj?authuser=0&amp;entry=ttu\" target=\"_blank\" rel=\"noreferrer noopener\">L&rsquo;ECHONOVA<\/a><br>1 rue L\u00e9on Griffon<br>56890 SAINT AV\u00c9<\/strong><br><em>Le retour se fera au m\u00eame endroit le lundi 7 ao\u00fbt en fin de matin\u00e9e (horaire \u00e0 pr\u00e9ciser)<\/em><\/p>\n\n\n\n<p style=\"font-style:normal;font-weight:800\"><a href=\"https:\/\/jmj2023-morbihan.fr\/index.php\/2023\/01\/26\/decouvre-le-programme-des-15-jours-aux-jmj\/\" target=\"_blank\" rel=\"noreferrer noopener\">Retrouve le programme ICI<\/a>  &#8211;  <a href=\"http:\/\/jmj2023-morbihan.fr\/wp-content\/uploads\/2023\/07\/Dossier-JMJ-2023-Participant.pdf\" target=\"_blank\" rel=\"noreferrer noopener\">T\u00e9l\u00e9charge le dossier participant mineur Morbihan ICI<\/a> &#8211; Contacte le P\u00f4le jeunes pour toute information : <a href=\"mailto:polejeunes56@gmail.com\" target=\"_blank\" rel=\"noreferrer noopener\">polejeunes56@gmail.com<\/a><\/p>\n\n\n\n<p><\/p>\n\n\n\n<h2 class=\"wp-block-heading has-text-align-center\">Semaine \u00e0 Lisbonne du 1er au 6 ao\u00fbt 2023 pour tous<\/h2>\n\n\n\n<div class=\"wp-block-columns is-layout-flex wp-container-core-columns-is-layout-28f84493 wp-block-columns-is-layout-flex\">\n<div class=\"wp-block-column is-layout-flow wp-block-column-is-layout-flow\">\n<div class=\"wp-block-columns is-layout-flex wp-container-core-columns-is-layout-28f84493 wp-block-columns-is-layout-flex\">\n<div class=\"wp-block-column is-layout-flow wp-block-column-is-layout-flow\">\n<figure class=\"wp-block-image size-full\"><a href=\"https:\/\/jmj2023-morbihan.fr\/wp-content\/uploads\/2023\/07\/programme-jmj-2023-messe-ouverture-1-aout-1.jpg\" target=\"_blank\" rel=\"noreferrer noopener\"><img loading=\"lazy\" decoding=\"async\" width=\"887\" height=\"884\" src=\"https:\/\/jmj2023-morbihan.fr\/wp-content\/uploads\/2023\/07\/programme-jmj-2023-messe-ouverture-1-aout-1.jpg\" alt=\"\" class=\"wp-image-624\" srcset=\"https:\/\/jmj2023-morbihan.fr\/wp-content\/uploads\/2023\/07\/programme-jmj-2023-messe-ouverture-1-aout-1.jpg 887w, https:\/\/jmj2023-morbihan.fr\/wp-content\/uploads\/2023\/07\/programme-jmj-2023-messe-ouverture-1-aout-1-300x300.jpg 300w, https:\/\/jmj2023-morbihan.fr\/wp-content\/uploads\/2023\/07\/programme-jmj-2023-messe-ouverture-1-aout-1-150x150.jpg 150w, https:\/\/jmj2023-morbihan.fr\/wp-content\/uploads\/2023\/07\/programme-jmj-2023-messe-ouverture-1-aout-1-768x765.jpg 768w\" sizes=\"auto, (max-width: 887px) 100vw, 887px\" \/><\/a><\/figure>\n<\/div>\n\n\n\n<div class=\"wp-block-column is-layout-flow wp-block-column-is-layout-flow\">\n<figure class=\"wp-block-image size-full\"><a href=\"https:\/\/jmj2023-morbihan.fr\/wp-content\/uploads\/2023\/07\/programme-jmj-2023-rise-up-aout.jpg\" target=\"_blank\" rel=\"noreferrer noopener\"><img loading=\"lazy\" decoding=\"async\" width=\"885\" height=\"884\" src=\"http:\/\/jmj2023-morbihan.fr\/wp-content\/uploads\/2023\/07\/programme-jmj-2023-rise-up-aout.jpg\" alt=\"\" class=\"wp-image-594\" srcset=\"https:\/\/jmj2023-morbihan.fr\/wp-content\/uploads\/2023\/07\/programme-jmj-2023-rise-up-aout.jpg 885w, https:\/\/jmj2023-morbihan.fr\/wp-content\/uploads\/2023\/07\/programme-jmj-2023-rise-up-aout-300x300.jpg 300w, https:\/\/jmj2023-morbihan.fr\/wp-content\/uploads\/2023\/07\/programme-jmj-2023-rise-up-aout-150x150.jpg 150w, https:\/\/jmj2023-morbihan.fr\/wp-content\/uploads\/2023\/07\/programme-jmj-2023-rise-up-aout-768x767.jpg 768w\" sizes=\"auto, (max-width: 885px) 100vw, 885px\" \/><\/a><\/figure>\n<\/div>\n<\/div>\n<\/div>\n\n\n\n<div class=\"wp-block-column is-layout-flow wp-block-column-is-layout-flow\">\n<div class=\"wp-block-columns is-layout-flex wp-container-core-columns-is-layout-28f84493 wp-block-columns-is-layout-flex\">\n<div class=\"wp-block-column is-layout-flow wp-block-column-is-layout-flow\">\n<figure class=\"wp-block-image size-full\"><a href=\"https:\/\/jmj2023-morbihan.fr\/wp-content\/uploads\/2023\/07\/programme-jmj-2023-accueil-pape-3-aout.jpg\" target=\"_blank\" rel=\"noreferrer noopener\"><img loading=\"lazy\" decoding=\"async\" width=\"885\" height=\"886\" src=\"http:\/\/jmj2023-morbihan.fr\/wp-content\/uploads\/2023\/07\/programme-jmj-2023-accueil-pape-3-aout.jpg\" alt=\"\" class=\"wp-image-595\" srcset=\"https:\/\/jmj2023-morbihan.fr\/wp-content\/uploads\/2023\/07\/programme-jmj-2023-accueil-pape-3-aout.jpg 885w, https:\/\/jmj2023-morbihan.fr\/wp-content\/uploads\/2023\/07\/programme-jmj-2023-accueil-pape-3-aout-300x300.jpg 300w, https:\/\/jmj2023-morbihan.fr\/wp-content\/uploads\/2023\/07\/programme-jmj-2023-accueil-pape-3-aout-150x150.jpg 150w, https:\/\/jmj2023-morbihan.fr\/wp-content\/uploads\/2023\/07\/programme-jmj-2023-accueil-pape-3-aout-768x769.jpg 768w\" sizes=\"auto, (max-width: 885px) 100vw, 885px\" \/><\/a><\/figure>\n<\/div>\n\n\n\n<div class=\"wp-block-column is-layout-flow wp-block-column-is-layout-flow\">\n<figure class=\"wp-block-image size-full\"><a href=\"https:\/\/jmj2023-morbihan.fr\/wp-content\/uploads\/2023\/07\/programme-jmj-2023-chemin-de-croix-4-aout.jpg\" target=\"_blank\" rel=\"noreferrer noopener\"><img loading=\"lazy\" decoding=\"async\" width=\"886\" height=\"880\" src=\"http:\/\/jmj2023-morbihan.fr\/wp-content\/uploads\/2023\/07\/programme-jmj-2023-chemin-de-croix-4-aout.jpg\" alt=\"\" class=\"wp-image-596\" srcset=\"https:\/\/jmj2023-morbihan.fr\/wp-content\/uploads\/2023\/07\/programme-jmj-2023-chemin-de-croix-4-aout.jpg 886w, https:\/\/jmj2023-morbihan.fr\/wp-content\/uploads\/2023\/07\/programme-jmj-2023-chemin-de-croix-4-aout-300x298.jpg 300w, https:\/\/jmj2023-morbihan.fr\/wp-content\/uploads\/2023\/07\/programme-jmj-2023-chemin-de-croix-4-aout-150x150.jpg 150w, https:\/\/jmj2023-morbihan.fr\/wp-content\/uploads\/2023\/07\/programme-jmj-2023-chemin-de-croix-4-aout-768x763.jpg 768w\" sizes=\"auto, (max-width: 886px) 100vw, 886px\" \/><\/a><\/figure>\n<\/div>\n<\/div>\n<\/div>\n\n\n\n<div class=\"wp-block-column is-layout-flow wp-block-column-is-layout-flow\">\n<div class=\"wp-block-columns is-layout-flex wp-container-core-columns-is-layout-28f84493 wp-block-columns-is-layout-flex\">\n<div class=\"wp-block-column is-layout-flow wp-block-column-is-layout-flow\">\n<figure class=\"wp-block-image size-full\"><a href=\"https:\/\/jmj2023-morbihan.fr\/wp-content\/uploads\/2023\/07\/programme-jmj-2023-vigile-5-aout.jpg\" target=\"_blank\" rel=\"noreferrer noopener\"><img loading=\"lazy\" decoding=\"async\" width=\"884\" height=\"887\" src=\"http:\/\/jmj2023-morbihan.fr\/wp-content\/uploads\/2023\/07\/programme-jmj-2023-vigile-5-aout.jpg\" alt=\"\" class=\"wp-image-597\" srcset=\"https:\/\/jmj2023-morbihan.fr\/wp-content\/uploads\/2023\/07\/programme-jmj-2023-vigile-5-aout.jpg 884w, https:\/\/jmj2023-morbihan.fr\/wp-content\/uploads\/2023\/07\/programme-jmj-2023-vigile-5-aout-300x300.jpg 300w, https:\/\/jmj2023-morbihan.fr\/wp-content\/uploads\/2023\/07\/programme-jmj-2023-vigile-5-aout-150x150.jpg 150w, https:\/\/jmj2023-morbihan.fr\/wp-content\/uploads\/2023\/07\/programme-jmj-2023-vigile-5-aout-768x771.jpg 768w\" sizes=\"auto, (max-width: 884px) 100vw, 884px\" \/><\/a><\/figure>\n<\/div>\n\n\n\n<div class=\"wp-block-column is-layout-flow wp-block-column-is-layout-flow\">\n<figure class=\"wp-block-image size-full\"><a href=\"https:\/\/jmj2023-morbihan.fr\/wp-content\/uploads\/2023\/07\/programme-jmj-2023-messe-pape.jpg\" target=\"_blank\" rel=\"noreferrer noopener\"><img loading=\"lazy\" decoding=\"async\" width=\"884\" height=\"890\" src=\"http:\/\/jmj2023-morbihan.fr\/wp-content\/uploads\/2023\/07\/programme-jmj-2023-messe-pape.jpg\" alt=\"\" class=\"wp-image-598\" srcset=\"https:\/\/jmj2023-morbihan.fr\/wp-content\/uploads\/2023\/07\/programme-jmj-2023-messe-pape.jpg 884w, https:\/\/jmj2023-morbihan.fr\/wp-content\/uploads\/2023\/07\/programme-jmj-2023-messe-pape-298x300.jpg 298w, https:\/\/jmj2023-morbihan.fr\/wp-content\/uploads\/2023\/07\/programme-jmj-2023-messe-pape-150x150.jpg 150w, https:\/\/jmj2023-morbihan.fr\/wp-content\/uploads\/2023\/07\/programme-jmj-2023-messe-pape-768x773.jpg 768w\" sizes=\"auto, (max-width: 884px) 100vw, 884px\" \/><\/a><\/figure>\n<\/div>\n<\/div>\n<\/div>\n<\/div>\n\n\n\n<p><\/p>\n\n\n\n<p class=\"has-ast-global-color-8-color has-text-color\" style=\"font-style:normal;font-weight:800\">L\u00e9gende couleur des \u00e9v\u00e8nements ci-dessous :    <em> <mark style=\"background-color:rgba(0, 0, 0, 0)\" class=\"has-inline-color has-ast-global-color-1-color\">Avec le pape<\/mark>          <mark style=\"background-color:rgba(0, 0, 0, 0)\" class=\"has-inline-color has-ast-global-color-2-color\">Pour les fran\u00e7ais<\/mark>         <mark style=\"background-color:rgba(0, 0, 0, 0)\" class=\"has-inline-color has-ast-global-color-0-color\">Pour tous<\/mark><\/em><\/p>\n\n\n\n<figure class=\"wp-block-image size-full\"><img loading=\"lazy\" decoding=\"async\" width=\"1175\" height=\"681\" src=\"https:\/\/jmj2023-morbihan.fr\/wp-content\/uploads\/2023\/01\/Programme-2e-semaine-JMJ-2023.png\" alt=\"\" class=\"wp-image-314\" srcset=\"https:\/\/jmj2023-morbihan.fr\/wp-content\/uploads\/2023\/01\/Programme-2e-semaine-JMJ-2023.png 1175w, https:\/\/jmj2023-morbihan.fr\/wp-content\/uploads\/2023\/01\/Programme-2e-semaine-JMJ-2023-300x174.png 300w, https:\/\/jmj2023-morbihan.fr\/wp-content\/uploads\/2023\/01\/Programme-2e-semaine-JMJ-2023-1024x593.png 1024w, https:\/\/jmj2023-morbihan.fr\/wp-content\/uploads\/2023\/01\/Programme-2e-semaine-JMJ-2023-768x445.png 768w\" sizes=\"auto, (max-width: 1175px) 100vw, 1175px\" \/><\/figure>\n\n\n\n<div class=\"wp-block-buttons is-layout-flex wp-block-buttons-is-layout-flex\">\n<div class=\"wp-block-button\"><a class=\"wp-block-button__link wp-element-button\" href=\"https:\/\/eglise.catholique.fr\/jmj-journees-mondiales-jeunesse\/jmj-2023-lisbonne\/\" target=\"_blank\" rel=\"noreferrer noopener\">Voir le site officiel des JMJ France<\/a><\/div>\n\n\n\n<div class=\"wp-block-button\"><a class=\"wp-block-button__link wp-element-button\" href=\"https:\/\/jmj2023-morbihan.fr\/index.php\/2023\/06\/08\/le-programme-du-saint-pere-a-lisbonne-est-publie\/\" target=\"_blank\" rel=\"noreferrer noopener\">Voir le programme officiel complet du pape<\/a><\/div>\n\n\n\n<div class=\"wp-block-button\"><a class=\"wp-block-button__link wp-element-button\" href=\"https:\/\/jmj2023-morbihan.fr\/index.php\/2023\/07\/11\/jmj-a-lisbonne-avec-le-pape-demandez-le-programme\/\" target=\"_blank\" rel=\"noreferrer noopener\">Le pape et les jmjistes<\/a><\/div>\n<\/div>\n\n\n\n<div style=\"height:50px\" aria-hidden=\"true\" class=\"wp-block-spacer\"><\/div>\n\n\n\n<h2 class=\"wp-block-heading\">\u2022 POUR LES MAJEURS<\/h2>\n\n\n\n<p class=\"has-text-align-center has-ast-global-color-2-background-color has-background has-medium-font-size\"><strong>D\u00e9part de Sainte-Anne d&rsquo;Auray le 23 juillet 2023 \u00e0 16h30<\/strong> (parking rue de Locmaria)<br>Lien pour du covoiturage jusqu&rsquo;\u00e0 Sainte-Anne d&rsquo;Auray, et retour : <br><a href=\"https:\/\/www.covoitribu.fr\/poll\/48994_4W1WuWEyKQTHy6\" target=\"_blank\" rel=\"noreferrer noopener\">https:\/\/www.covoitribu.fr\/poll\/48994_4W1WuWEyKQTHy6<\/a><br><em>Retour le 8 ao\u00fbt matin au m\u00eame endroit (l&rsquo;horaire sera pr\u00e9cis\u00e9 ult\u00e9rieurement)<\/em><\/p>\n\n\n\n<p style=\"font-style:normal;font-weight:800\"><a href=\"https:\/\/jmj2023-morbihan.fr\/index.php\/2023\/01\/26\/decouvre-le-programme-des-15-jours-aux-jmj\/\" target=\"_blank\" rel=\"noreferrer noopener\">Retrouve le programme ICI<\/a> &#8211; <a href=\"http:\/\/jmj2023-morbihan.fr\/wp-content\/uploads\/2023\/07\/Dossier-participants-JMJ-majeurs-2023-29-56.pdf\" target=\"_blank\" rel=\"noreferrer noopener\">T\u00e9l\u00e9charge le dossier participant majeur Morbihan ICI<\/a>  &#8211; Contact : <a href=\"mailto:morbihanjmj@gmail.com\" target=\"_blank\" rel=\"noreferrer noopener\">morbihanjmj@gmail.com<\/a> ou <a href=\"mailto:jmj2023finistere@gmail.com\" target=\"_blank\" rel=\"noreferrer noopener\">jmj2023finistere@gmail.com<\/a><\/p>\n\n\n\n<figure class=\"wp-block-video\"><video height=\"1080\" style=\"aspect-ratio: 1920 \/ 1080;\" width=\"1920\" controls src=\"http:\/\/jmj2023-morbihan.fr\/wp-content\/uploads\/2023\/07\/SaveInsta.App-3145341487238293246.mp4\"><\/video><\/figure>\n\n\n\n<p>Vid\u00e9o \u00a9WorldYouthDay<\/p>\n\n\n\n<hr class=\"wp-block-separator has-alpha-channel-opacity\"\/>\n\n\n\n<p>Tu as entre 18 et 35 ans ?&nbsp;Le pape t\u2019appelle aux Journ\u00e9es Mondiales de la Jeunesse (JMJ) ! Le 12 septembre dernier le Pape a lanc\u00e9 la mission des JMJ, pr\u00e9sentant le th\u00e8me&nbsp;:<em>&nbsp;\u00ab&nbsp;Marie se leva et s\u2019en alla en h\u00e2te&nbsp;\u00bb<\/em>&nbsp;(Lc 1, 39). Cette phrase est un \u00e9lan, un engagement et surtout un rendez-vous pour la jeunesse&nbsp;! Lisbonne est une rencontre o\u00f9 nous attendons des temps de partage, de pri\u00e8re et d\u2019\u00e9changes forts.<strong>&nbsp;<\/strong>Cette mission nous fait \u00e9cho personnellement en tant que jeunes. Alors comme pr\u00e9vu, l\u2019\u00e9quipe des JMJ du Morbihan est heureuse de vous proposer&nbsp;<strong>un d\u00e9part bus des jeunes majeurs<\/strong>, \u00e0 destination des JMJ de Lisbonne en Juillet 2023. <\/p>\n\n\n\n<h4 class=\"wp-block-heading\">TROIS FORMULES POUR LES JMJ<\/h4>\n\n\n\n<p>&#8211; <strong>THE formule la plus compl\u00e8te !<\/strong> Du 23 juillet au 8 ao\u00fbt, profitez de la semaine dans notre dioc\u00e8se d&rsquo;accueil \u00e0 Porto ainsi que de la semaine \u00e0 Lisbonne pour vivre les JMJ ! Trajets pr\u00e9vus \u00e0 partir du Morbihan, tout compris (\u00e0 partir de 790\u20ac).<br>&#8211; <strong>La formule \u00ab&nbsp;Karabreizh&nbsp;\u00bb<\/strong> du 30 juillet au 8 ao\u00fbt, 1 semaine \u00e0 Lisbonne. Trajets pr\u00e9vus du Morbihan, tout compris (\u00e0 partir de 590\u20ac).<br>&#8211; <strong>La formule \u00ab&nbsp;Terre-Mer&nbsp;\u00bb<\/strong> du 1er au 6 ao\u00fbt, JMJ \u00e0 Lisbonne sans transport, rejoignez le groupe par vos propres moyens. B\u00e9n\u00e9ficiez ainsi du Pack: logement, pass festival, alimentation et assurances (\u00e0 partir de 390\u20ac).<\/p>\n\n\n\n<h4 class=\"wp-block-heading\">4 MARS 2023 : SOIR\u00c9E JMJ AU SANCTUAIRE DE SAINTE-ANNE-D&rsquo;AURAY<\/h4>\n\n\n\n<p>Le 4 mars, de 16h \u00e0 22h au Sanctuaire de Ste Anne d\u2019Auray :&nbsp;jeu sur le th\u00e8me des JMJ, temps de pri\u00e8re, ap\u00e9ro et repas tous ensemble.<\/p>\n\n\n\n<h4 class=\"wp-block-heading\"> 7 ou 8 MAI 2023 : JOURN\u00c9E DE PR\u00c9PARATION ET DE COH\u00c9SION<\/h4>\n\n\n\n<p>Afin de se rencontrer et de mieux se conna\u00eetre, les JMJistes majeurs du dioc\u00e8se de Vannes se sont r\u00e9unis le 7 mai 2023, par secteur : Lorient, Vannes et Josselin le 8 mai (avec un concert \u00e0 la basilique Notre-Dame du Roncier).<\/p>\n\n\n\n<h4 class=\"wp-block-heading\">17 JUIN 2023 : BENEDICTION ET ENVOI PAR MONSEIGNEUR CENTENE<\/h4>\n\n\n\n<p>Les jmjistes majeurs et mineurs du dioc\u00e8se re\u00e7oivent la b\u00e9n\u00e9diction de Monseigneur qui les envoie en mission aux JMJ. Un beau moment \u00e0 la chapelle de la Maison du Dioc\u00e8se, suivi de l&rsquo;ap\u00e9ro !<\/p>\n\n\n\n<h4 class=\"wp-block-heading\">CONTACT<\/h4>\n\n\n\n<p>T\u00e9l\u00e9phone: 06 74 20 79 25 et mail : <strong><a href=\"mailto:morbihanjmj@gmail.com\" target=\"_blank\" rel=\"noreferrer noopener\">morbihanjmj@gmail.com<\/a><\/strong><\/p>\n\n\n\n<div class=\"wp-block-buttons is-layout-flex wp-block-buttons-is-layout-flex\">\n<div class=\"wp-block-button\"><a class=\"wp-block-button__link wp-element-button\" href=\"https:\/\/eglise.catholique.fr\/jmj-journees-mondiales-jeunesse\/jmj-2023-lisbonne\/\" target=\"_blank\" rel=\"noreferrer noopener\">Voir le site officiel des JMJ France<\/a><\/div>\n\n\n\n<div class=\"wp-block-button\"><a class=\"wp-block-button__link wp-element-button\" href=\"https:\/\/jmj2023-morbihan.fr\/index.php\/2023\/06\/08\/le-programme-du-saint-pere-a-lisbonne-est-publie\/\" target=\"_blank\" rel=\"noreferrer noopener\">Voir le programme officiel complet du pape<\/a><\/div>\n\n\n\n<div class=\"wp-block-button\"><a class=\"wp-block-button__link wp-element-button\" href=\"https:\/\/jmj2023-morbihan.fr\/index.php\/2023\/07\/11\/jmj-a-lisbonne-avec-le-pape-demandez-le-programme\/\" target=\"_blank\" rel=\"noreferrer noopener\">Le pape et les jmjistes<\/a><\/div>\n<\/div>\n\n\n\n<p><\/p>\n","protected":false},"excerpt":{"rendered":"<p>\u2022 POUR LES MINEURS Les JMJ2023 au Portugal se d\u00e9rouleront en 2 \u00e9tapes : Nous vous donnons rendez-vous pour le d\u00e9part le mardi 25 juillet \u00e0 19h :L&rsquo;ECHONOVA1 rue L\u00e9on Griffon56890 SAINT AV\u00c9Le retour se fera au m\u00eame endroit le lundi 7 ao\u00fbt en fin de matin\u00e9e (horaire \u00e0 pr\u00e9ciser) Retrouve le programme ICI &#8211; &hellip;<\/p>\n<p class=\"read-more\"> <a class=\"\" href=\"https:\/\/jmj2023-morbihan.fr\/index.php\/participation\/\"> <span class=\"screen-reader-text\">INFOS PRATIQUES<\/span> Lire la suite\u00a0\u00bb<\/a><\/p>\n","protected":false},"author":1,"featured_media":0,"parent":0,"menu_order":0,"comment_status":"closed","ping_status":"closed","template":"","meta":{"site-sidebar-layout":"default","site-content-layout":"default","ast-global-header-display":"","ast-main-header-display":"","ast-hfb-above-header-display":"","ast-hfb-below-header-display":"","ast-hfb-mobile-header-display":"","site-post-title":"","ast-breadcrumbs-content":"","ast-featured-img":"","footer-sml-layout":"","theme-transparent-header-meta":"","adv-header-id-meta":"","stick-header-meta":"","header-above-stick-meta":"","header-main-stick-meta":"","header-below-stick-meta":"","footnotes":""},"class_list":["post-58","page","type-page","status-publish","hentry"],"yoast_head":"<!-- This site is optimized with the Yoast SEO plugin v20.3 - https:\/\/yoast.com\/wordpress\/plugins\/seo\/ -->\n<title>INFOS PRATIQUES - JMJ 2023 LISBONNE : PARS AVEC LE MORBIHAN<\/title>\n<meta name=\"robots\" content=\"index, follow, max-snippet:-1, max-image-preview:large, max-video-preview:-1\" \/>\n<link rel=\"canonical\" href=\"https:\/\/jmj2023-morbihan.fr\/index.php\/participation\/\" \/>\n<meta property=\"og:locale\" content=\"fr_FR\" \/>\n<meta property=\"og:type\" content=\"article\" \/>\n<meta property=\"og:title\" content=\"INFOS PRATIQUES - JMJ 2023 LISBONNE : PARS AVEC LE MORBIHAN\" \/>\n<meta property=\"og:description\" content=\"\u2022 POUR LES MINEURS Les JMJ2023 au Portugal se d\u00e9rouleront en 2 \u00e9tapes : Nous vous donnons rendez-vous pour le d\u00e9part le mardi 25 juillet \u00e0 19h :L&rsquo;ECHONOVA1 rue L\u00e9on Griffon56890 SAINT AV\u00c9Le retour se fera au m\u00eame endroit le lundi 7 ao\u00fbt en fin de matin\u00e9e (horaire \u00e0 pr\u00e9ciser) Retrouve le programme ICI &#8211; &hellip; INFOS PRATIQUES Lire la suite\u00a0\u00bb\" \/>\n<meta property=\"og:url\" content=\"https:\/\/jmj2023-morbihan.fr\/index.php\/participation\/\" \/>\n<meta property=\"og:site_name\" content=\"JMJ 2023 LISBONNE : PARS AVEC LE MORBIHAN\" \/>\n<meta property=\"article:publisher\" content=\"https:\/\/www.facebook.com\/jmj2023morbihan\" \/>\n<meta property=\"article:modified_time\" content=\"2023-07-13T14:58:21+00:00\" \/>\n<meta property=\"og:image\" content=\"https:\/\/jmj2023-morbihan.fr\/wp-content\/uploads\/2023\/07\/programme-jmj-2023-messe-ouverture-1-aout-1.jpg\" \/>\n<meta name=\"twitter:card\" content=\"summary_large_image\" \/>\n<meta name=\"twitter:label1\" content=\"Dur\u00e9e de lecture estim\u00e9e\" \/>\n\t<meta name=\"twitter:data1\" content=\"5 minutes\" \/>\n<script type=\"application\/ld+json\" class=\"yoast-schema-graph\">{\"@context\":\"https:\/\/schema.org\",\"@graph\":[{\"@type\":\"WebPage\",\"@id\":\"https:\/\/jmj2023-morbihan.fr\/index.php\/participation\/\",\"url\":\"https:\/\/jmj2023-morbihan.fr\/index.php\/participation\/\",\"name\":\"INFOS PRATIQUES - JMJ 2023 LISBONNE : PARS AVEC LE MORBIHAN\",\"isPartOf\":{\"@id\":\"https:\/\/jmj2023-morbihan.fr\/#website\"},\"datePublished\":\"2022-11-15T09:02:01+00:00\",\"dateModified\":\"2023-07-13T14:58:21+00:00\",\"breadcrumb\":{\"@id\":\"https:\/\/jmj2023-morbihan.fr\/index.php\/participation\/#breadcrumb\"},\"inLanguage\":\"fr-FR\",\"potentialAction\":[{\"@type\":\"ReadAction\",\"target\":[\"https:\/\/jmj2023-morbihan.fr\/index.php\/participation\/\"]}]},{\"@type\":\"BreadcrumbList\",\"@id\":\"https:\/\/jmj2023-morbihan.fr\/index.php\/participation\/#breadcrumb\",\"itemListElement\":[{\"@type\":\"ListItem\",\"position\":1,\"name\":\"Accueil\",\"item\":\"https:\/\/jmj2023-morbihan.fr\/\"},{\"@type\":\"ListItem\",\"position\":2,\"name\":\"INFOS PRATIQUES\"}]},{\"@type\":\"WebSite\",\"@id\":\"https:\/\/jmj2023-morbihan.fr\/#website\",\"url\":\"https:\/\/jmj2023-morbihan.fr\/\",\"name\":\"JMJ 2023 LISBONNE : PARS AVEC LE MORBIHAN\",\"description\":\"Le site des Journ\u00e9es Mondiales de la Jeunesse 2023 pour le dioc\u00e8se de Vannes (Morbihan)\",\"publisher\":{\"@id\":\"https:\/\/jmj2023-morbihan.fr\/#organization\"},\"potentialAction\":[{\"@type\":\"SearchAction\",\"target\":{\"@type\":\"EntryPoint\",\"urlTemplate\":\"https:\/\/jmj2023-morbihan.fr\/?s={search_term_string}\"},\"query-input\":\"required name=search_term_string\"}],\"inLanguage\":\"fr-FR\"},{\"@type\":\"Organization\",\"@id\":\"https:\/\/jmj2023-morbihan.fr\/#organization\",\"name\":\"JMJ 2023 LISBONNE : PARS AVEC LE MORBIHAN\",\"url\":\"https:\/\/jmj2023-morbihan.fr\/\",\"logo\":{\"@type\":\"ImageObject\",\"inLanguage\":\"fr-FR\",\"@id\":\"https:\/\/jmj2023-morbihan.fr\/#\/schema\/logo\/image\/\",\"url\":\"https:\/\/jmj2023-morbihan.fr\/wp-content\/uploads\/2022\/11\/jmj2023-morbihan-lisbonne-logo-rond.png\",\"contentUrl\":\"https:\/\/jmj2023-morbihan.fr\/wp-content\/uploads\/2022\/11\/jmj2023-morbihan-lisbonne-logo-rond.png\",\"width\":200,\"height\":200,\"caption\":\"JMJ 2023 LISBONNE : PARS AVEC LE MORBIHAN\"},\"image\":{\"@id\":\"https:\/\/jmj2023-morbihan.fr\/#\/schema\/logo\/image\/\"},\"sameAs\":[\"https:\/\/www.facebook.com\/jmj2023morbihan\",\"https:\/\/www.instagram.com\/jmj2023morbihan\/\"]}]}<\/script>\n<!-- \/ Yoast SEO plugin. -->","yoast_head_json":{"title":"INFOS PRATIQUES - JMJ 2023 LISBONNE : PARS AVEC LE MORBIHAN","robots":{"index":"index","follow":"follow","max-snippet":"max-snippet:-1","max-image-preview":"max-image-preview:large","max-video-preview":"max-video-preview:-1"},"canonical":"https:\/\/jmj2023-morbihan.fr\/index.php\/participation\/","og_locale":"fr_FR","og_type":"article","og_title":"INFOS PRATIQUES - JMJ 2023 LISBONNE : PARS AVEC LE MORBIHAN","og_description":"\u2022 POUR LES MINEURS Les JMJ2023 au Portugal se d\u00e9rouleront en 2 \u00e9tapes : Nous vous donnons rendez-vous pour le d\u00e9part le mardi 25 juillet \u00e0 19h :L&rsquo;ECHONOVA1 rue L\u00e9on Griffon56890 SAINT AV\u00c9Le retour se fera au m\u00eame endroit le lundi 7 ao\u00fbt en fin de matin\u00e9e (horaire \u00e0 pr\u00e9ciser) Retrouve le programme ICI &#8211; &hellip; INFOS PRATIQUES Lire la suite\u00a0\u00bb","og_url":"https:\/\/jmj2023-morbihan.fr\/index.php\/participation\/","og_site_name":"JMJ 2023 LISBONNE : PARS AVEC LE MORBIHAN","article_publisher":"https:\/\/www.facebook.com\/jmj2023morbihan","article_modified_time":"2023-07-13T14:58:21+00:00","og_image":[{"url":"https:\/\/jmj2023-morbihan.fr\/wp-content\/uploads\/2023\/07\/programme-jmj-2023-messe-ouverture-1-aout-1.jpg"}],"twitter_card":"summary_large_image","twitter_misc":{"Dur\u00e9e de lecture estim\u00e9e":"5 minutes"},"schema":{"@context":"https:\/\/schema.org","@graph":[{"@type":"WebPage","@id":"https:\/\/jmj2023-morbihan.fr\/index.php\/participation\/","url":"https:\/\/jmj2023-morbihan.fr\/index.php\/participation\/","name":"INFOS PRATIQUES - JMJ 2023 LISBONNE : PARS AVEC LE MORBIHAN","isPartOf":{"@id":"https:\/\/jmj2023-morbihan.fr\/#website"},"datePublished":"2022-11-15T09:02:01+00:00","dateModified":"2023-07-13T14:58:21+00:00","breadcrumb":{"@id":"https:\/\/jmj2023-morbihan.fr\/index.php\/participation\/#breadcrumb"},"inLanguage":"fr-FR","potentialAction":[{"@type":"ReadAction","target":["https:\/\/jmj2023-morbihan.fr\/index.php\/participation\/"]}]},{"@type":"BreadcrumbList","@id":"https:\/\/jmj2023-morbihan.fr\/index.php\/participation\/#breadcrumb","itemListElement":[{"@type":"ListItem","position":1,"name":"Accueil","item":"https:\/\/jmj2023-morbihan.fr\/"},{"@type":"ListItem","position":2,"name":"INFOS PRATIQUES"}]},{"@type":"WebSite","@id":"https:\/\/jmj2023-morbihan.fr\/#website","url":"https:\/\/jmj2023-morbihan.fr\/","name":"JMJ 2023 LISBONNE : PARS AVEC LE MORBIHAN","description":"Le site des Journ\u00e9es Mondiales de la Jeunesse 2023 pour le dioc\u00e8se de Vannes (Morbihan)","publisher":{"@id":"https:\/\/jmj2023-morbihan.fr\/#organization"},"potentialAction":[{"@type":"SearchAction","target":{"@type":"EntryPoint","urlTemplate":"https:\/\/jmj2023-morbihan.fr\/?s={search_term_string}"},"query-input":"required name=search_term_string"}],"inLanguage":"fr-FR"},{"@type":"Organization","@id":"https:\/\/jmj2023-morbihan.fr\/#organization","name":"JMJ 2023 LISBONNE : PARS AVEC LE MORBIHAN","url":"https:\/\/jmj2023-morbihan.fr\/","logo":{"@type":"ImageObject","inLanguage":"fr-FR","@id":"https:\/\/jmj2023-morbihan.fr\/#\/schema\/logo\/image\/","url":"https:\/\/jmj2023-morbihan.fr\/wp-content\/uploads\/2022\/11\/jmj2023-morbihan-lisbonne-logo-rond.png","contentUrl":"https:\/\/jmj2023-morbihan.fr\/wp-content\/uploads\/2022\/11\/jmj2023-morbihan-lisbonne-logo-rond.png","width":200,"height":200,"caption":"JMJ 2023 LISBONNE : PARS AVEC LE MORBIHAN"},"image":{"@id":"https:\/\/jmj2023-morbihan.fr\/#\/schema\/logo\/image\/"},"sameAs":["https:\/\/www.facebook.com\/jmj2023morbihan","https:\/\/www.instagram.com\/jmj2023morbihan\/"]}]}},"_links":{"self":[{"href":"https:\/\/jmj2023-morbihan.fr\/index.php\/wp-json\/wp\/v2\/pages\/58","targetHints":{"allow":["GET"]}}],"collection":[{"href":"https:\/\/jmj2023-morbihan.fr\/index.php\/wp-json\/wp\/v2\/pages"}],"about":[{"href":"https:\/\/jmj2023-morbihan.fr\/index.php\/wp-json\/wp\/v2\/types\/page"}],"author":[{"embeddable":true,"href":"https:\/\/jmj2023-morbihan.fr\/index.php\/wp-json\/wp\/v2\/users\/1"}],"replies":[{"embeddable":true,"href":"https:\/\/jmj2023-morbihan.fr\/index.php\/wp-json\/wp\/v2\/comments?post=58"}],"version-history":[{"count":40,"href":"https:\/\/jmj2023-morbihan.fr\/index.php\/wp-json\/wp\/v2\/pages\/58\/revisions"}],"predecessor-version":[{"id":693,"href":"https:\/\/jmj2023-morbihan.fr\/index.php\/wp-json\/wp\/v2\/pages\/58\/revisions\/693"}],"wp:attachment":[{"href":"https:\/\/jmj2023-morbihan.fr\/index.php\/wp-json\/wp\/v2\/media?parent=58"}],"curies":[{"name":"wp","href":"https:\/\/api.w.org\/{rel}","templated":true}]}}